{"id":103,"date":"2025-03-20T16:18:19","date_gmt":"2025-03-20T15:18:19","guid":{"rendered":"https:\/\/lavilladespresmignons.fr\/?page_id=103"},"modified":"2026-01-04T19:16:13","modified_gmt":"2026-01-04T18:16:13","slug":"actualites","status":"publish","type":"page","link":"https:\/\/lavilladespresmignons.fr\/index.php\/actualites\/","title":{"rendered":"Actualit\u00e9s"},"content":{"rendered":"\t\t<div data-elementor-type=\"wp-page\" data-elementor-id=\"103\" class=\"elementor elementor-103\">\n\t\t\t\t<div class=\"elementor-element elementor-element-2483104d e-con-full e-flex e-con e-parent\" data-id=\"2483104d\" data-element_type=\"container\" data-settings=\"{&quot;background_background&quot;:&quot;classic&quot;}\">\n\t\t<div class=\"elementor-element elementor-element-dcd4854 e-con-full e-flex e-con e-child\" data-id=\"dcd4854\" data-element_type=\"container\" data-settings=\"{&quot;background_background&quot;:&quot;classic&quot;}\">\n\t\t\t\t<div class=\"elementor-element elementor-element-ce656da elementor-widget elementor-widget-heading\" data-id=\"ce656da\" data-element_type=\"widget\" data-widget_type=\"heading.default\">\n\t\t\t\t<div class=\"elementor-widget-container\">\n\t\t\t\t\t<h1 class=\"elementor-heading-title elementor-size-default\">Actualit\u00e9s<\/h1>\t\t\t\t<\/div>\n\t\t\t\t<\/div>\n\t\t\t\t<div class=\"elementor-element elementor-element-2744490d elementor-widget elementor-widget-text-editor\" data-id=\"2744490d\" data-element_type=\"widget\" data-widget_type=\"text-editor.default\">\n\t\t\t\t<div class=\"elementor-widget-container\">\n\t\t\t\t\t\t\t\t\t<p>Tout le monde s&#8217;y retrouve !<\/p>\t\t\t\t\t\t\t\t<\/div>\n\t\t\t\t<\/div>\n\t\t\t\t<\/div>\n\t\t\t\t<div class=\"elementor-element elementor-element-565af34e elementor-view-default elementor-widget elementor-widget-icon\" data-id=\"565af34e\" data-element_type=\"widget\" data-widget_type=\"icon.default\">\n\t\t\t\t<div class=\"elementor-widget-container\">\n\t\t\t\t\t\t\t<div class=\"elementor-icon-wrapper\">\n\t\t\t<a class=\"elementor-icon elementor-animation-sink\" href=\"https:\/\/lavilladespresmignons.fr\/index.php\/actualites\/#section_1\">\n\t\t\t<svg aria-hidden=\"true\" class=\"e-font-icon-svg e-fas-chevron-down\" viewBox=\"0 0 448 512\" xmlns=\"http:\/\/www.w3.org\/2000\/svg\"><path d=\"M207.029 381.476L12.686 187.132c-9.373-9.373-9.373-24.569 0-33.941l22.667-22.667c9.357-9.357 24.522-9.375 33.901-.04L224 284.505l154.745-154.021c9.379-9.335 24.544-9.317 33.901.04l22.667 22.667c9.373 9.373 9.373 24.569 0 33.941L240.971 381.476c-9.373 9.372-24.569 9.372-33.942 0z\"><\/path><\/svg>\t\t\t<\/a>\n\t\t<\/div>\n\t\t\t\t\t\t<\/div>\n\t\t\t\t<\/div>\n\t\t\t\t<\/div>\n\t\t<div class=\"elementor-element elementor-element-a6f541f e-flex e-con-boxed e-con e-parent\" data-id=\"a6f541f\" data-element_type=\"container\" id=\"section_1\">\n\t\t\t\t\t<div class=\"e-con-inner\">\n\t\t\t\t<div class=\"elementor-element elementor-element-1af7e9d elementor-widget elementor-widget-spacer\" data-id=\"1af7e9d\" data-element_type=\"widget\" data-widget_type=\"spacer.default\">\n\t\t\t\t<div class=\"elementor-widget-container\">\n\t\t\t\t\t\t\t<div class=\"elementor-spacer\">\n\t\t\t<div class=\"elementor-spacer-inner\"><\/div>\n\t\t<\/div>\n\t\t\t\t\t\t<\/div>\n\t\t\t\t<\/div>\n\t\t\t\t<div class=\"elementor-element elementor-element-b536128 elementor-widget elementor-widget-heading\" data-id=\"b536128\" data-element_type=\"widget\" data-widget_type=\"heading.default\">\n\t\t\t\t<div class=\"elementor-widget-container\">\n\t\t\t\t\t<h2 class=\"elementor-heading-title elementor-size-default\">Actualit\u00e9s de la Villa des Pr\u00e9s Mignons : <br>\n                                   Appel aux dons pour sa r\u00e9novation <\/h2>\t\t\t\t<\/div>\n\t\t\t\t<\/div>\n\t\t\t\t<div class=\"elementor-element elementor-element-00e507e elementor-widget elementor-widget-text-editor\" data-id=\"00e507e\" data-element_type=\"widget\" data-widget_type=\"text-editor.default\">\n\t\t\t\t<div class=\"elementor-widget-container\">\n\t\t\t\t\t\t\t\t\t<p><strong>La Villa des Pr\u00e9s Mignons, un joyau historique de notre ville, est en danger. Son toit, symbole de son \u00e9l\u00e9gance pass\u00e9e, est aujourd&#8217;hui son point le plus vuln\u00e9rable. Des fuites d&#8217;eau menacent l&#8217;int\u00e9grit\u00e9 de l&#8217;ensemble du b\u00e2timent, sapant le travail b\u00e9n\u00e9vole et mettant en p\u00e9ril l&#8217;avenir de ce lieu de vie et de partage.<\/strong><\/p><p><span style=\"text-decoration: underline;\"><strong>L&#8217;objectif : Mettre la villa hors d&#8217;eau<\/strong><\/span><\/p><p>Pour sauver la villa, l&#8217;urgence est de la mettre \u00ab hors d&#8217;eau \u00bb. Cela implique une reprise compl\u00e8te de la charpente, de la zinguerie et des ardoises. Ces travaux ne peuvent plus attendre, car chaque jour de pluie fragilise un peu plus la structure.<\/p><p>L&#8217;estimation de ces travaux cruciaux s&#8217;\u00e9l\u00e8ve \u00e0 30 000 \u20ac. C&#8217;est une somme importante, mais c&#8217;est le prix pour garantir que la Villa des Pr\u00e9s Mignons puisse continuer de vivre et d&#8217;accueillir des \u00e9v\u00e9nements culturels, des ateliers et des chantiers participatifs.<\/p><p><span style=\"text-decoration: underline;\"><strong>Chaque don compte !<\/strong><\/span><\/p><p>Pour atteindre cet objectif vital, nous avons besoin de votre g\u00e9n\u00e9rosit\u00e9. Chaque contribution, quelque soit son montant, est une pierre que vous apportez \u00e0 l&#8217;\u00e9difice.<\/p><p>Avec 50 \u20ac, vous financez la pose de plusieurs ardoises.<\/p><p>Avec 100 \u20ac, vous contribuez \u00e0 la r\u00e9paration d&#8217;une partie de la zinguerie.<\/p><p>Avec 500 \u20ac, vous participez activement \u00e0 la reprise d&#8217;une section de la charpente.<\/p><p><strong><span style=\"text-decoration: underline;\">Comment faire un don ?<\/span><\/strong><\/p><p>En ligne : Rendez-vous sur notre page de don s\u00e9curis\u00e9e sur Hello Asso.<\/p><p><span style=\"text-decoration: underline;\"><strong>Un avenir pour la Villa<\/strong><\/span><\/p><p>En nous aidant \u00e0 sauver le toit de la villa, vous permettez non seulement de pr\u00e9server un lieu de patrimoine, mais vous participez aussi \u00e0 la cr\u00e9ation d&#8217;un futur espace culturel et citoyen pour tous les habitants.<\/p><p>La Villa des Pr\u00e9s Mignons est bien plus qu&#8217;une maison. C&#8217;est le c\u0153ur d&#8217;un projet de quartier, un lieu o\u00f9 la convivialit\u00e9 et la transmission se rencontrent. <strong>Aidez-nous \u00e0 lui redonner son \u00e9clat et \u00e0 la pr\u00e9parer pour les g\u00e9n\u00e9rations futures.<\/strong><\/p><div class=\"\" data-block=\"true\" data-editor=\"8c0ef\" data-offset-key=\"ghh5-0-0\"><div class=\"_1mf _1mj\" data-offset-key=\"ghh5-0-0\"><span data-offset-key=\"ghh5-0-0\">L&#8217;association est reconnue d&#8217;int\u00e9r\u00eat g\u00e9n\u00e9ral : cela signifie que votre don est d\u00e9fiscalis\u00e9 !<\/span><\/div><\/div><div class=\"\" data-block=\"true\" data-editor=\"8c0ef\" data-offset-key=\"4dorn-0-0\"><div class=\"_1mf _1mj\" data-offset-key=\"4dorn-0-0\"><span data-offset-key=\"4dorn-0-0\">\u00a0<\/span><\/div><\/div><div class=\"\" data-block=\"true\" data-editor=\"8c0ef\" data-offset-key=\"6v67a-0-0\"><div class=\"_1mf _1mj\" data-offset-key=\"6v67a-0-0\"><span data-offset-key=\"6v67a-0-0\">Pour un particulier : 66% de votre don est d\u00e9ductible de vos imp\u00f4ts. Un don de 100\u20ac ne vous co\u00fbte en r\u00e9alit\u00e9 que 34\u20ac.<\/span><\/div><\/div><div class=\"\" data-block=\"true\" data-editor=\"8c0ef\" data-offset-key=\"foarr-0-0\"><div class=\"_1mf _1mj\" data-offset-key=\"foarr-0-0\"><span data-offset-key=\"foarr-0-0\">\u00a0<\/span><\/div><\/div><div class=\"\" data-block=\"true\" data-editor=\"8c0ef\" data-offset-key=\"6qjgp-0-0\"><div class=\"_1mf _1mj\" data-offset-key=\"6qjgp-0-0\"><span data-offset-key=\"6qjgp-0-0\">Pour une entreprise : 60% de votre don est d\u00e9ductible de l&#8217;imp\u00f4t sur les soci\u00e9t\u00e9s.<\/span><\/div><div class=\"_1mf _1mj\" data-offset-key=\"6qjgp-0-0\"><span data-offset-key=\"6qjgp-0-0\">N&#8217;h\u00e9sitez pas \u00e0 nous contacter pour plus d&#8217;informations.<\/span><\/div><\/div><p><strong>\u00a0<\/strong><\/p><p><strong>\u00a0<\/strong><\/p>\t\t\t\t\t\t\t\t<\/div>\n\t\t\t\t<\/div>\n\t\t\t\t<div class=\"elementor-element elementor-element-d664da3 elementor-align-center elementor-widget elementor-widget-button\" data-id=\"d664da3\" data-element_type=\"widget\" data-widget_type=\"button.default\">\n\t\t\t\t<div class=\"elementor-widget-container\">\n\t\t\t\t\t\t\t\t\t<div class=\"elementor-button-wrapper\">\n\t\t\t\t\t<a class=\"elementor-button elementor-button-link elementor-size-sm\" href=\"https:\/\/www.helloasso.com\/associations\/la-villa-des-pres-mignons\/formulaires\/1\" target=\"_blank\">\n\t\t\t\t\t\t<span class=\"elementor-button-content-wrapper\">\n\t\t\t\t\t\t\t\t\t<span class=\"elementor-button-text\">Faire un don<\/span>\n\t\t\t\t\t<\/span>\n\t\t\t\t\t<\/a>\n\t\t\t\t<\/div>\n\t\t\t\t\t\t\t\t<\/div>\n\t\t\t\t<\/div>\n\t\t\t\t\t<\/div>\n\t\t\t\t<\/div>\n\t\t<div class=\"elementor-element elementor-element-09eb04e e-flex e-con-boxed e-con e-parent\" data-id=\"09eb04e\" data-element_type=\"container\">\n\t\t\t\t\t<div class=\"e-con-inner\">\n\t\t<div class=\"elementor-element elementor-element-14f76b0 e-con-full e-flex e-con e-child\" data-id=\"14f76b0\" data-element_type=\"container\">\n\t\t\t\t<div class=\"elementor-element elementor-element-8465621 elementor-widget elementor-widget-image\" data-id=\"8465621\" data-element_type=\"widget\" data-widget_type=\"image.default\">\n\t\t\t\t<div class=\"elementor-widget-container\">\n\t\t\t\t\t\t\t\t\t\t\t\t\t\t\t<img decoding=\"async\" src=\"https:\/\/lavilladespresmignons.fr\/wp-content\/uploads\/2025\/03\/IMG_2708-scaled.jpeg\" title=\"IMG_2708\" alt=\"IMG_2708\" loading=\"lazy\" \/>\t\t\t\t\t\t\t\t\t\t\t\t\t\t\t<\/div>\n\t\t\t\t<\/div>\n\t\t\t\t<\/div>\n\t\t<div class=\"elementor-element elementor-element-99ecb11 e-con-full e-flex e-con e-child\" data-id=\"99ecb11\" data-element_type=\"container\">\n\t\t\t\t<div class=\"elementor-element elementor-element-b81164f elementor-widget elementor-widget-image\" data-id=\"b81164f\" data-element_type=\"widget\" data-widget_type=\"image.default\">\n\t\t\t\t<div class=\"elementor-widget-container\">\n\t\t\t\t\t\t\t\t\t\t\t\t\t\t\t<img decoding=\"async\" src=\"https:\/\/lavilladespresmignons.fr\/wp-content\/uploads\/2025\/03\/IMG_2709-scaled.jpeg\" title=\"IMG_2709\" alt=\"IMG_2709\" loading=\"lazy\" \/>\t\t\t\t\t\t\t\t\t\t\t\t\t\t\t<\/div>\n\t\t\t\t<\/div>\n\t\t\t\t<\/div>\n\t\t\t\t\t<\/div>\n\t\t\t\t<\/div>\n\t\t<div class=\"elementor-element elementor-element-fd3234a e-flex e-con-boxed e-con e-parent\" data-id=\"fd3234a\" data-element_type=\"container\">\n\t\t\t\t\t<div class=\"e-con-inner\">\n\t\t\t\t<div class=\"elementor-element elementor-element-455978d elementor-align-center elementor-widget elementor-widget-button\" data-id=\"455978d\" data-element_type=\"widget\" data-widget_type=\"button.default\">\n\t\t\t\t<div class=\"elementor-widget-container\">\n\t\t\t\t\t\t\t\t\t<div class=\"elementor-button-wrapper\">\n\t\t\t\t\t<a class=\"elementor-button elementor-button-link elementor-size-sm\" href=\"https:\/\/lavilladespresmignons.fr\/index.php\/contact\/\">\n\t\t\t\t\t\t<span class=\"elementor-button-content-wrapper\">\n\t\t\t\t\t\t\t\t\t<span class=\"elementor-button-text\">Contactez nous<\/span>\n\t\t\t\t\t<\/span>\n\t\t\t\t\t<\/a>\n\t\t\t\t<\/div>\n\t\t\t\t\t\t\t\t<\/div>\n\t\t\t\t<\/div>\n\t\t\t\t\t<\/div>\n\t\t\t\t<\/div>\n\t\t<div class=\"elementor-element elementor-element-e87aff9 e-flex e-con-boxed e-con e-parent\" data-id=\"e87aff9\" data-element_type=\"container\">\n\t\t\t\t\t<div class=\"e-con-inner\">\n\t\t\t\t<div class=\"elementor-element elementor-element-dd6d969 elementor-widget-divider--view-line elementor-widget elementor-widget-divider\" data-id=\"dd6d969\" data-element_type=\"widget\" data-widget_type=\"divider.default\">\n\t\t\t\t<div class=\"elementor-widget-container\">\n\t\t\t\t\t\t\t<div class=\"elementor-divider\">\n\t\t\t<span class=\"elementor-divider-separator\">\n\t\t\t\t\t\t<\/span>\n\t\t<\/div>\n\t\t\t\t\t\t<\/div>\n\t\t\t\t<\/div>\n\t\t\t\t<div class=\"elementor-element elementor-element-1fae367 elementor-widget elementor-widget-heading\" data-id=\"1fae367\" data-element_type=\"widget\" data-widget_type=\"heading.default\">\n\t\t\t\t<div class=\"elementor-widget-container\">\n\t\t\t\t\t<h2 class=\"elementor-heading-title elementor-size-default\">Actualit\u00e9s de la Villa des Pr\u00e9s Mignons : Halloween, chantiers...<\/h2>\t\t\t\t<\/div>\n\t\t\t\t<\/div>\n\t\t\t\t<div class=\"elementor-element elementor-element-d432bd5 elementor-widget elementor-widget-text-editor\" data-id=\"d432bd5\" data-element_type=\"widget\" data-widget_type=\"text-editor.default\">\n\t\t\t\t<div class=\"elementor-widget-container\">\n\t\t\t\t\t\t\t\t\t<p>\u00a0<\/p><div><h3>\ud83e\udd73 <b>HALLOWEEN 2025 \u00e0 la Villa : Un Succ\u00e8s Monstrueux pour notre 3\u00e8me \u00c9dition !<\/b> \ud83d\udc7b<\/h3><p>\u00a0<\/p><p>Quel fabuleux retour pour notre F\u00eate d&#8217;Halloween \u00e0 la Villa des Pr\u00e9s Mignons !<\/p><p>Nous sommes ravis d&#8217;avoir accueilli <b>225 personnes, enfants et adultes confondus<\/b>, pour cette soir\u00e9e pleine de myst\u00e8res et de friandises. Un immense merci \u00e0 tous ceux qui ont contribu\u00e9 \u00e0 cette ambiance incroyable !<\/p><p>\u2b50 <b>Coup de projecteur sur nos B\u00c9N\u00c9VOLES EN OR !<\/b> \u2b50<\/p><p>Sans eux, la magie n&#8217;op\u00e9rerait pas. Un grand bravo \u00e0 l&#8217;\u00e9quipe de l&#8217;association qui, dans leurs plus beaux et terrifiants d\u00e9guisements, ont assur\u00e9 avec brio :<\/p><ul><li><p><b>L&#8217;accueil<\/b> des petits monstres et des grands fant\u00f4mes.<\/p><\/li><li><p>Le <b>bar \u00e0 sirop<\/b> pour d\u00e9salt\u00e9rer les \u00e2mes assoiff\u00e9es.<\/p><\/li><li><p>Les <b>\u00e9nigmes<\/b> pour les esprits les plus vifs.<\/p><\/li><li><p>La distribution g\u00e9n\u00e9reuse de <b>bonbons<\/b>.<\/p><\/li><li><p>Le <b>maquillage<\/b> pour transformer chacun en cr\u00e9ature d&#8217;outre-tombe !<\/p><\/li><\/ul><p>\ud83d\udcd6 <b>Un grand merci \u00e9galement \u00e0 nos amis de l&#8217;association La Grenouille Fait sa Soupe<\/b> pour nous avoir enchant\u00e9s (et un peu effray\u00e9s !) avec leurs merveilleuses <b>histoires de sorci\u00e8res<\/b>. Leurs contes ont ajout\u00e9 une touche de frisson parfaite \u00e0 la soir\u00e9e !<\/p><p>Chaque \u00e9v\u00e9nement r\u00e9ussi est une \u00e9tape de plus pour la renaissance de notre belle Villa. Merci de faire vivre le patrimoine de Poitiers avec nous !<\/p><\/div><div class=\"x14z9mp xat24cr x1lziwak x1vvkbs xtlvy1s\">\u00a0<\/div>\t\t\t\t\t\t\t\t<\/div>\n\t\t\t\t<\/div>\n\t\t\t\t\t<\/div>\n\t\t\t\t<\/div>\n\t\t<div class=\"elementor-element elementor-element-ee0af29 e-flex e-con-boxed e-con e-parent\" data-id=\"ee0af29\" data-element_type=\"container\">\n\t\t\t\t\t<div class=\"e-con-inner\">\n\t\t\t\t<div class=\"elementor-element elementor-element-4c2eb4e elementor-widget elementor-widget-image\" data-id=\"4c2eb4e\" data-element_type=\"widget\" data-widget_type=\"image.default\">\n\t\t\t\t<div class=\"elementor-widget-container\">\n\t\t\t\t\t\t\t\t\t\t\t\t\t\t\t<img fetchpriority=\"high\" decoding=\"async\" width=\"768\" height=\"1024\" src=\"https:\/\/lavilladespresmignons.fr\/wp-content\/uploads\/2025\/11\/20251031_174106-768x1024.jpg\" class=\"attachment-large size-large wp-image-1357\" alt=\"\" srcset=\"https:\/\/lavilladespresmignons.fr\/wp-content\/uploads\/2025\/11\/20251031_174106-768x1024.jpg 768w, https:\/\/lavilladespresmignons.fr\/wp-content\/uploads\/2025\/11\/20251031_174106-225x300.jpg 225w, https:\/\/lavilladespresmignons.fr\/wp-content\/uploads\/2025\/11\/20251031_174106-1152x1536.jpg 1152w, https:\/\/lavilladespresmignons.fr\/wp-content\/uploads\/2025\/11\/20251031_174106-1536x2048.jpg 1536w, https:\/\/lavilladespresmignons.fr\/wp-content\/uploads\/2025\/11\/20251031_174106.jpg 1920w\" sizes=\"(max-width: 768px) 100vw, 768px\" \/>\t\t\t\t\t\t\t\t\t\t\t\t\t\t\t<\/div>\n\t\t\t\t<\/div>\n\t\t\t\t\t<\/div>\n\t\t\t\t<\/div>\n\t\t<div class=\"elementor-element elementor-element-21aa2cc e-flex e-con-boxed e-con e-parent\" data-id=\"21aa2cc\" data-element_type=\"container\">\n\t\t\t\t\t<div class=\"e-con-inner\">\n\t\t\t\t\t<\/div>\n\t\t\t\t<\/div>\n\t\t<div class=\"elementor-element elementor-element-b69c1ec e-grid e-con-boxed e-con e-parent\" data-id=\"b69c1ec\" data-element_type=\"container\">\n\t\t\t\t\t<div class=\"e-con-inner\">\n\t\t\t\t<div class=\"elementor-element elementor-element-6f16034 elementor-widget-divider--view-line elementor-widget elementor-widget-divider\" data-id=\"6f16034\" data-element_type=\"widget\" data-widget_type=\"divider.default\">\n\t\t\t\t<div class=\"elementor-widget-container\">\n\t\t\t\t\t\t\t<div class=\"elementor-divider\">\n\t\t\t<span class=\"elementor-divider-separator\">\n\t\t\t\t\t\t<\/span>\n\t\t<\/div>\n\t\t\t\t\t\t<\/div>\n\t\t\t\t<\/div>\n\t\t\t\t<div class=\"elementor-element elementor-element-48443e6 elementor-widget elementor-widget-heading\" data-id=\"48443e6\" data-element_type=\"widget\" data-widget_type=\"heading.default\">\n\t\t\t\t<div class=\"elementor-widget-container\">\n\t\t\t\t\t<h2 class=\"elementor-heading-title elementor-size-default\"><span style=\"background-color: transparent;font-style: inherit;text-align: var(--text-align)\">Presse et Actualit\u00e9s : la Villa des Pr\u00e9s Mignons dans les M\u00e9dias<\/span><\/h2>\t\t\t\t<\/div>\n\t\t\t\t<\/div>\n\t\t\t\t<div class=\"elementor-element elementor-element-8495f8f elementor-widget elementor-widget-text-editor\" data-id=\"8495f8f\" data-element_type=\"widget\" data-widget_type=\"text-editor.default\">\n\t\t\t\t<div class=\"elementor-widget-container\">\n\t\t\t\t\t\t\t\t\t<p><span style=\"font-weight: 400;\">Restez inform\u00e9s de toutes les actualit\u00e9s de la Villa des Pr\u00e9s Mignons gr\u00e2ce \u00e0 notre coin presse. En effet, vous y trouverez des articles sur nos \u00e9v\u00e9nements, nos projets, nos b\u00e9n\u00e9voles et les initiatives locales.\u00a0<\/span><\/p>\t\t\t\t\t\t\t\t<\/div>\n\t\t\t\t<\/div>\n\t\t\t\t\t<\/div>\n\t\t\t\t<\/div>\n\t\t<div class=\"elementor-element elementor-element-355b3da e-flex e-con-boxed e-con e-parent\" data-id=\"355b3da\" data-element_type=\"container\">\n\t\t\t\t\t<div class=\"e-con-inner\">\n\t\t<div class=\"elementor-element elementor-element-a748935 e-con-full e-flex e-con e-child\" data-id=\"a748935\" data-element_type=\"container\">\n\t\t\t\t<div class=\"elementor-element elementor-element-6792d9c elementor-widget elementor-widget-image\" data-id=\"6792d9c\" data-element_type=\"widget\" data-widget_type=\"image.default\">\n\t\t\t\t<div class=\"elementor-widget-container\">\n\t\t\t\t\t\t\t\t\t\t\t\t\t\t\t<img decoding=\"async\" width=\"761\" height=\"527\" src=\"https:\/\/lavilladespresmignons.fr\/wp-content\/uploads\/2025\/03\/Capture-decran-2025-03-23-230312-e1745871066508.png\" class=\"attachment-large size-large wp-image-474\" alt=\"\" srcset=\"https:\/\/lavilladespresmignons.fr\/wp-content\/uploads\/2025\/03\/Capture-decran-2025-03-23-230312-e1745871066508.png 761w, https:\/\/lavilladespresmignons.fr\/wp-content\/uploads\/2025\/03\/Capture-decran-2025-03-23-230312-e1745871066508-300x208.png 300w\" sizes=\"(max-width: 761px) 100vw, 761px\" \/>\t\t\t\t\t\t\t\t\t\t\t\t\t\t\t<\/div>\n\t\t\t\t<\/div>\n\t\t\t\t<div class=\"elementor-element elementor-element-d5c1b01 elementor-widget elementor-widget-heading\" data-id=\"d5c1b01\" data-element_type=\"widget\" data-widget_type=\"heading.default\">\n\t\t\t\t<div class=\"elementor-widget-container\">\n\t\t\t\t\t<h4 class=\"elementor-heading-title elementor-size-default\"><a href=\"https:\/\/www.le7.info\/article\/20001-villa-des-pres-mignons-premiere-pierre-posee\">Villa des Pr\u00e9s-Mignons : premi\u00e8re pierre pos\u00e9e<\/a><\/h4>\t\t\t\t<\/div>\n\t\t\t\t<\/div>\n\t\t\t\t<div class=\"elementor-element elementor-element-8fd4ade elementor-widget elementor-widget-text-editor\" data-id=\"8fd4ade\" data-element_type=\"widget\" data-widget_type=\"text-editor.default\">\n\t\t\t\t<div class=\"elementor-widget-container\">\n\t\t\t\t\t\t\t\t\t<p><em>Et si la Villa des Pr\u00e9s-Mignons sortait de sa torpeur ?\u00a0 Un collectif d\u2019habitants de Poitiers-Sud porte un projet original et pas (trop) cher fond\u00e9 sur la participation de tous, notamment de professionnels du b\u00e2timent.<\/em><\/p>\t\t\t\t\t\t\t\t<\/div>\n\t\t\t\t<\/div>\n\t\t\t\t<\/div>\n\t\t<div class=\"elementor-element elementor-element-8d29963 e-con-full e-flex e-con e-child\" data-id=\"8d29963\" data-element_type=\"container\">\n\t\t\t\t<div class=\"elementor-element elementor-element-c70e0de elementor-widget elementor-widget-image\" data-id=\"c70e0de\" data-element_type=\"widget\" data-widget_type=\"image.default\">\n\t\t\t\t<div class=\"elementor-widget-container\">\n\t\t\t\t\t\t\t\t\t\t\t\t\t\t\t<img decoding=\"async\" width=\"818\" height=\"454\" src=\"https:\/\/lavilladespresmignons.fr\/wp-content\/uploads\/2025\/03\/Capture-decran-2025-03-23-231011.png\" class=\"attachment-large size-large wp-image-466\" alt=\"\" srcset=\"https:\/\/lavilladespresmignons.fr\/wp-content\/uploads\/2025\/03\/Capture-decran-2025-03-23-231011.png 818w, https:\/\/lavilladespresmignons.fr\/wp-content\/uploads\/2025\/03\/Capture-decran-2025-03-23-231011-300x167.png 300w, https:\/\/lavilladespresmignons.fr\/wp-content\/uploads\/2025\/03\/Capture-decran-2025-03-23-231011-768x426.png 768w\" sizes=\"(max-width: 818px) 100vw, 818px\" \/>\t\t\t\t\t\t\t\t\t\t\t\t\t\t\t<\/div>\n\t\t\t\t<\/div>\n\t\t\t\t<div class=\"elementor-element elementor-element-5aa7314 elementor-widget elementor-widget-heading\" data-id=\"5aa7314\" data-element_type=\"widget\" data-widget_type=\"heading.default\">\n\t\t\t\t<div class=\"elementor-widget-container\">\n\t\t\t\t\t<h4 class=\"elementor-heading-title elementor-size-default\"><a href=\"https:\/\/www.francebleu.fr\/infos\/societe\/nous-voulons-que-chacun-puisse-en-profiter-a-poitiers-la-villa-des-pres-mignons-enfin-renovee-3586904\">\"Nous voulons que chacun puisse en profiter\": \u00e0 Poitiers, le Villa des Pr\u00e9s-Mignons enfin r\u00e9nov\u00e9e?<\/a><\/h4>\t\t\t\t<\/div>\n\t\t\t\t<\/div>\n\t\t\t\t<div class=\"elementor-element elementor-element-b4118e7 elementor-widget elementor-widget-text-editor\" data-id=\"b4118e7\" data-element_type=\"widget\" data-widget_type=\"text-editor.default\">\n\t\t\t\t<div class=\"elementor-widget-container\">\n\t\t\t\t\t\t\t\t\t<p><em>Des b\u00e9n\u00e9voles de l\u2019association &#8220;La Villa des Pr\u00e9s Mignons&#8221; vont r\u00e9nover ce samedi cette vieille b\u00e2tisse situ\u00e9e dans le parc des Pr\u00e8s-Mignons, au sud de Poitiers. La maire de la ville, L\u00e9onore Moncond&#8217;huy, se joindra aux b\u00e9n\u00e9voles.<\/em><\/p>\t\t\t\t\t\t\t\t<\/div>\n\t\t\t\t<\/div>\n\t\t\t\t<\/div>\n\t\t<div class=\"elementor-element elementor-element-1ee2fa6 e-con-full e-flex e-con e-child\" data-id=\"1ee2fa6\" data-element_type=\"container\">\n\t\t\t\t<div class=\"elementor-element elementor-element-41d8c55 elementor-widget elementor-widget-image\" data-id=\"41d8c55\" data-element_type=\"widget\" data-widget_type=\"image.default\">\n\t\t\t\t<div class=\"elementor-widget-container\">\n\t\t\t\t\t\t\t\t\t\t\t\t\t\t\t<img loading=\"lazy\" decoding=\"async\" width=\"1024\" height=\"574\" src=\"https:\/\/lavilladespresmignons.fr\/wp-content\/uploads\/2025\/03\/Capture-decran-2025-03-23-231652-1024x574.png\" class=\"attachment-large size-large wp-image-468\" alt=\"\" srcset=\"https:\/\/lavilladespresmignons.fr\/wp-content\/uploads\/2025\/03\/Capture-decran-2025-03-23-231652-1024x574.png 1024w, https:\/\/lavilladespresmignons.fr\/wp-content\/uploads\/2025\/03\/Capture-decran-2025-03-23-231652-300x168.png 300w, https:\/\/lavilladespresmignons.fr\/wp-content\/uploads\/2025\/03\/Capture-decran-2025-03-23-231652-768x430.png 768w, https:\/\/lavilladespresmignons.fr\/wp-content\/uploads\/2025\/03\/Capture-decran-2025-03-23-231652.webp 1176w\" sizes=\"(max-width: 1024px) 100vw, 1024px\" \/>\t\t\t\t\t\t\t\t\t\t\t\t\t\t\t<\/div>\n\t\t\t\t<\/div>\n\t\t\t\t<div class=\"elementor-element elementor-element-0ff0360 elementor-widget elementor-widget-heading\" data-id=\"0ff0360\" data-element_type=\"widget\" data-widget_type=\"heading.default\">\n\t\t\t\t<div class=\"elementor-widget-container\">\n\t\t\t\t\t<h4 class=\"elementor-heading-title elementor-size-default\"><a href=\"https:\/\/www.lanouvellerepublique.fr\/poitiers\/ces-pierres-en-sommeil-il-etait-une-fois-la-villa-des-pres-mignon-a-poitiers\">Ces pierres en sommeil : il \u00e9tait une fois... la Villa des Pr\u00e9s-Mignons \u00e0 Poitiers<\/a><\/h4>\t\t\t\t<\/div>\n\t\t\t\t<\/div>\n\t\t\t\t<div class=\"elementor-element elementor-element-02a4ed2 elementor-widget elementor-widget-text-editor\" data-id=\"02a4ed2\" data-element_type=\"widget\" data-widget_type=\"text-editor.default\">\n\t\t\t\t<div class=\"elementor-widget-container\">\n\t\t\t\t\t\t\t\t\t<p><em><span style=\"font-size: 19px; letter-spacing: 0.2px;\">\u00a0<\/span><\/em><em style=\"text-align: var(--text-align); background-color: var(--ast-global-color-4); color: var(--ast-global-color-3); font-size: 1rem;\">Les Poitevins voudraient que cette Villa des Pr\u00e9s Mignons soit restaur\u00e9e. Situ\u00e9 dans un parc fr\u00e9quent\u00e9 par des enfants, elle fait actuellement plus penser \u00e0 un ch\u00e2teau hant\u00e9 qu&#8217;\u00e0 celui d&#8217;un conte de f\u00e9e.<\/em><\/p>\t\t\t\t\t\t\t\t<\/div>\n\t\t\t\t<\/div>\n\t\t\t\t<\/div>\n\t\t<div class=\"elementor-element elementor-element-be1c0c5 e-con-full e-flex e-con e-child\" data-id=\"be1c0c5\" data-element_type=\"container\">\n\t\t\t\t<div class=\"elementor-element elementor-element-0735027 elementor-widget elementor-widget-image\" data-id=\"0735027\" data-element_type=\"widget\" data-widget_type=\"image.default\">\n\t\t\t\t<div class=\"elementor-widget-container\">\n\t\t\t\t\t\t\t\t\t\t\t\t\t\t\t<img loading=\"lazy\" decoding=\"async\" width=\"984\" height=\"538\" src=\"https:\/\/lavilladespresmignons.fr\/wp-content\/uploads\/2025\/03\/Capture-decran-2025-03-23-232306.png\" class=\"attachment-large size-large wp-image-469\" alt=\"\" srcset=\"https:\/\/lavilladespresmignons.fr\/wp-content\/uploads\/2025\/03\/Capture-decran-2025-03-23-232306.png 984w, https:\/\/lavilladespresmignons.fr\/wp-content\/uploads\/2025\/03\/Capture-decran-2025-03-23-232306-300x164.png 300w, https:\/\/lavilladespresmignons.fr\/wp-content\/uploads\/2025\/03\/Capture-decran-2025-03-23-232306-768x420.png 768w\" sizes=\"(max-width: 984px) 100vw, 984px\" \/>\t\t\t\t\t\t\t\t\t\t\t\t\t\t\t<\/div>\n\t\t\t\t<\/div>\n\t\t\t\t<div class=\"elementor-element elementor-element-52cc64c elementor-widget elementor-widget-heading\" data-id=\"52cc64c\" data-element_type=\"widget\" data-widget_type=\"heading.default\">\n\t\t\t\t<div class=\"elementor-widget-container\">\n\t\t\t\t\t<h4 class=\"elementor-heading-title elementor-size-default\"><a href=\"https:\/\/immobilier.lefigaro.fr\/article\/cette-villa-va-etre-sauvee-de-la-ruine-grace-a-un-chantier-participatif_67c903a2-c410-11ee-982d-ddc8afb59c04\/\">Cette villa va \u00eatre sauv\u00e9e de la ruine gr\u00e2ce \u00e0 une chantier participatif<\/a><\/h4>\t\t\t\t<\/div>\n\t\t\t\t<\/div>\n\t\t\t\t<div class=\"elementor-element elementor-element-47ca87a elementor-widget elementor-widget-text-editor\" data-id=\"47ca87a\" data-element_type=\"widget\" data-widget_type=\"text-editor.default\">\n\t\t\t\t<div class=\"elementor-widget-container\">\n\t\t\t\t\t\t\t\t\t<p><em>FIGARO DEMAIN &#8211; Pas moins de 104 b\u00e9n\u00e9voles se mobilisent pour redorer le blason de la villa des Pr\u00e9s Mignons \u00e0 Poitiers, d\u00e9laiss\u00e9e depuis 40 ans.<\/em><\/p><div class=\"infos-article\" style=\"box-sizing: inherit; display: flex; align-items: center; justify-content: center; padding: 0.2rem 0.2rem 1rem; font-size: 1.2rem; line-height: 1; color: #666666; margin-bottom: 0.5rem; font-family: Lato, Helvetica, Arial, sans-serif;\">\u00a0<\/div><div class=\"container-share is-fixed scroll\" style=\"box-sizing: inherit; position: fixed; top: 2rem; left: auto; width: 5rem; margin-left: -9rem; color: #222222; font-family: Lato, Helvetica, Arial, sans-serif; font-size: 18px; font-style: normal; font-variant-ligatures: normal; font-variant-caps: normal; font-weight: 400; letter-spacing: normal; orphans: 2; text-align: start; text-indent: 0px; text-transform: none; widows: 2; word-spacing: 0px; -webkit-text-stroke-width: 0px; white-space: normal; background-color: #ffffff; text-decoration-thickness: initial; text-decoration-style: initial; text-decoration-color: initial;\">\u00a0<\/div>\t\t\t\t\t\t\t\t<\/div>\n\t\t\t\t<\/div>\n\t\t\t\t<\/div>\n\t\t<div class=\"elementor-element elementor-element-e100bc8 e-con-full e-flex e-con e-child\" data-id=\"e100bc8\" data-element_type=\"container\">\n\t\t\t\t<div class=\"elementor-element elementor-element-2dba8bd elementor-widget elementor-widget-image\" data-id=\"2dba8bd\" data-element_type=\"widget\" data-widget_type=\"image.default\">\n\t\t\t\t<div class=\"elementor-widget-container\">\n\t\t\t\t\t\t\t\t\t\t\t\t\t\t\t<img loading=\"lazy\" decoding=\"async\" width=\"757\" height=\"419\" src=\"https:\/\/lavilladespresmignons.fr\/wp-content\/uploads\/2025\/03\/Capture-decran-2025-03-23-232653.webp\" class=\"attachment-large size-large wp-image-470\" alt=\"\" srcset=\"https:\/\/lavilladespresmignons.fr\/wp-content\/uploads\/2025\/03\/Capture-decran-2025-03-23-232653.webp 757w, https:\/\/lavilladespresmignons.fr\/wp-content\/uploads\/2025\/03\/Capture-decran-2025-03-23-232653-300x166.png 300w\" sizes=\"(max-width: 757px) 100vw, 757px\" \/>\t\t\t\t\t\t\t\t\t\t\t\t\t\t\t<\/div>\n\t\t\t\t<\/div>\n\t\t\t\t<div class=\"elementor-element elementor-element-81d0bd1 elementor-widget elementor-widget-heading\" data-id=\"81d0bd1\" data-element_type=\"widget\" data-widget_type=\"heading.default\">\n\t\t\t\t<div class=\"elementor-widget-container\">\n\t\t\t\t\t<h4 class=\"elementor-heading-title elementor-size-default\"><a href=\"https:\/\/www.ouest-france.fr\/insolite\/un-quartier-se-mobilise-pour-sauver-la-maison-de-la-sorciere-une-villa-laissee-a-labandon-7f725344-c764-11ee-a23a-e63ab014481b\">Un quartier se mobilise pour sauver \"la maison de la sorci\u00e8re\", une villa laiss\u00e9e \u00e0 l'abandon<\/a><\/h4>\t\t\t\t<\/div>\n\t\t\t\t<\/div>\n\t\t\t\t<div class=\"elementor-element elementor-element-0d63536 elementor-widget elementor-widget-text-editor\" data-id=\"0d63536\" data-element_type=\"widget\" data-widget_type=\"text-editor.default\">\n\t\t\t\t<div class=\"elementor-widget-container\">\n\t\t\t\t\t\t\t\t\t<p><em>\u00c0 Poitiers (Vienne), des habitants ont fond\u00e9 l\u2019association La Villa des Pr\u00e9s Mignons pour r\u00e9nover une demeure de 600 m2 qui appartient \u00e0 la Ville. Mais depuis 1994, elle est abandonn\u00e9e et est totalement inutilis\u00e9e. Avec un budget tr\u00e8s restreint et leur seule motivation, les volontaires esp\u00e8rent pouvoir la restaurer et permettre au public de l\u2019utiliser dans le futur<\/em><\/p>\t\t\t\t\t\t\t\t<\/div>\n\t\t\t\t<\/div>\n\t\t\t\t<\/div>\n\t\t<div class=\"elementor-element elementor-element-6c09206 e-con-full e-flex e-con e-child\" data-id=\"6c09206\" data-element_type=\"container\">\n\t\t\t\t<div class=\"elementor-element elementor-element-0e9f370 elementor-widget elementor-widget-image\" data-id=\"0e9f370\" data-element_type=\"widget\" data-widget_type=\"image.default\">\n\t\t\t\t<div class=\"elementor-widget-container\">\n\t\t\t\t\t\t\t\t\t\t\t\t\t\t\t<img loading=\"lazy\" decoding=\"async\" width=\"1024\" height=\"569\" src=\"https:\/\/lavilladespresmignons.fr\/wp-content\/uploads\/2025\/03\/Capture-decran-2025-03-23-232934-1024x569.png\" class=\"attachment-large size-large wp-image-471\" alt=\"\" srcset=\"https:\/\/lavilladespresmignons.fr\/wp-content\/uploads\/2025\/03\/Capture-decran-2025-03-23-232934-1024x569.png 1024w, https:\/\/lavilladespresmignons.fr\/wp-content\/uploads\/2025\/03\/Capture-decran-2025-03-23-232934-300x167.png 300w, https:\/\/lavilladespresmignons.fr\/wp-content\/uploads\/2025\/03\/Capture-decran-2025-03-23-232934-768x427.png 768w, https:\/\/lavilladespresmignons.fr\/wp-content\/uploads\/2025\/03\/Capture-decran-2025-03-23-232934.png 1174w\" sizes=\"(max-width: 1024px) 100vw, 1024px\" \/>\t\t\t\t\t\t\t\t\t\t\t\t\t\t\t<\/div>\n\t\t\t\t<\/div>\n\t\t\t\t<div class=\"elementor-element elementor-element-b997628 elementor-widget elementor-widget-heading\" data-id=\"b997628\" data-element_type=\"widget\" data-widget_type=\"heading.default\">\n\t\t\t\t<div class=\"elementor-widget-container\">\n\t\t\t\t\t<h4 class=\"elementor-heading-title elementor-size-default\"><a href=\"https:\/\/www.lanouvellerepublique.fr\/centre-presse\/poitiers-le-chantier-de-la-villa-des-pres-mignons-a-besoin-de-soutien-financier-1742461845\">Poitiers : le chantier de la villa des Pr\u00e9s-Mignons a besoin de soutien financier<\/a><\/h4>\t\t\t\t<\/div>\n\t\t\t\t<\/div>\n\t\t\t\t<div class=\"elementor-element elementor-element-029c385 elementor-widget elementor-widget-text-editor\" data-id=\"029c385\" data-element_type=\"widget\" data-widget_type=\"text-editor.default\">\n\t\t\t\t<div class=\"elementor-widget-container\">\n\t\t\t\t\t\t\t\t\t<p><em>Le chantier participatif, \u00e0 Poitiers-Sud, port\u00e9 par l&#8217;association La Villa des Pr\u00e9s Mignons, poursuit le curage du b\u00e2timent. Samedi 26 octobre 2024, les b\u00e9n\u00e9voles ont eu la visite de la maire L\u00e9onore Moncond&#8217;huy et l&#8217;aide de l&#8217;\u00e9lu Christian Michot.\u00a0<\/em><\/p>\t\t\t\t\t\t\t\t<\/div>\n\t\t\t\t<\/div>\n\t\t\t\t<\/div>\n\t\t<div class=\"elementor-element elementor-element-7cc0800 e-con-full e-flex e-con e-child\" data-id=\"7cc0800\" data-element_type=\"container\">\n\t\t\t\t<div class=\"elementor-element elementor-element-a0497c1 elementor-widget elementor-widget-image\" data-id=\"a0497c1\" data-element_type=\"widget\" data-widget_type=\"image.default\">\n\t\t\t\t<div class=\"elementor-widget-container\">\n\t\t\t\t\t\t\t\t\t\t\t\t\t\t\t<img loading=\"lazy\" decoding=\"async\" width=\"644\" height=\"486\" src=\"https:\/\/lavilladespresmignons.fr\/wp-content\/uploads\/2025\/12\/Capture-decran-2025-12-06-102521.jpg\" class=\"attachment-large size-large wp-image-1374\" alt=\"La villa des Pr\u00e9s-Mignons \u00e0 Poitiers-sud, le 19 novembre 2025. (Photo NR-CP, Bastien Blandin)\" srcset=\"https:\/\/lavilladespresmignons.fr\/wp-content\/uploads\/2025\/12\/Capture-decran-2025-12-06-102521.jpg 644w, https:\/\/lavilladespresmignons.fr\/wp-content\/uploads\/2025\/12\/Capture-decran-2025-12-06-102521-300x226.jpg 300w\" sizes=\"(max-width: 644px) 100vw, 644px\" \/>\t\t\t\t\t\t\t\t\t\t\t\t\t\t\t<\/div>\n\t\t\t\t<\/div>\n\t\t\t\t<div class=\"elementor-element elementor-element-44975b3 elementor-widget elementor-widget-heading\" data-id=\"44975b3\" data-element_type=\"widget\" data-widget_type=\"heading.default\">\n\t\t\t\t<div class=\"elementor-widget-container\">\n\t\t\t\t\t<h4 class=\"elementor-heading-title elementor-size-default\"><a href=\"https:\/\/www.lanouvellerepublique.fr\/centre-presse\/poitiers-le-chantier-de-la-villa-des-pres-mignons-a-besoin-de-soutien-financier-1742461845\">POITIERS-SUD\nLe vol n\u2019arr\u00eate pas les b\u00e9n\u00e9voles<\/a><\/h4>\t\t\t\t<\/div>\n\t\t\t\t<\/div>\n\t\t\t\t<div class=\"elementor-element elementor-element-6016250 elementor-widget elementor-widget-text-editor\" data-id=\"6016250\" data-element_type=\"widget\" data-widget_type=\"text-editor.default\">\n\t\t\t\t<div class=\"elementor-widget-container\">\n\t\t\t\t\t\t\t\t\t<p><br \/>La villa des Pr\u00e9s-Mignons \u00e0 Poitiers-sud, le 19 novembre 2025. (Photo NR-CP, Bastien Blandin)<br \/>Bastien Blandin<br \/>La villa des Pr\u00e9s-Mignons a \u00e9t\u00e9 victime d\u2019une intrusion et d\u2019un vol de mat\u00e9riel, d\u00e9but novembre.<br \/>Les b\u00e9n\u00e9voles restent mobilis\u00e9s sur cet embl\u00e9matique chantier de r\u00e9habilitation.<br \/><br \/>La visseuse \u00e0 chocs et la tron\u00e7onneuse \u00e9taient encore sous blister lorsqu\u2019elles ont \u00e9t\u00e9 d\u00e9rob\u00e9es,<br \/>vraisemblablement le week-end du 1 novembre dans la villa des Pr\u00e9s-Mignons. C\u2019est en pleine<br \/>nuit qu\u2019une \u00e9quipe de voleurs s\u2019est introduite dans la belle demeure en chantier. <br \/>\u00ab Mais nous nous<br \/>en sommes rendu compte que deux semaines plus tard, le samedi 15 novembre, en plein chantier<br \/>lorsque nous avons eu besoin de certains outils \u00bb<br \/>l\u2019association charg\u00e9e de la r\u00e9habilitation de l\u2019\u00e9difice<br \/>, regrette Cyrielle Guilbaud-Potin, secr\u00e9taire de<br \/>.<br \/>\u00ab Les personnes qui s\u2019introduisent dans la villa se mettent en<br \/>danger \u00bb<br \/>Ce n\u2019est pas la premi\u00e8re fois que la villa en chantier est victime d\u2019intrusions ill\u00e9gales. Pourtant,<br \/>ce ne sont pas les panneaux qui manquent pour informer de l\u2019interdiction d\u2019y entrer. <br \/>\u00ab Car au<br \/>del\u00e0 de ce d\u00e9sagr\u00e9ment qui nous oblige \u00e0 un d\u00e9p\u00f4t de plainte \u00e0 chaque intrusion, les personnes qui<br \/>le font se mettent en danger,<br \/>d\u00e9plore Cyrielle. <br \/>D\u2019autant plus lorsqu\u2019ils sont dans le noir. Si ces<br \/>personnes veulent voir la villa de l\u2019int\u00e9rieur, il suffit de nous rejoindre aux chantiers. L\u2019adh\u00e9sion n\u2019est<br \/>que de 10 \u20ac ! \u00bb<br \/>Outre le d\u00e9sagr\u00e9ment, l\u2019association constate un pr\u00e9judice de pr\u00e8s de 1.000 \u20ac. Les outils d\u00e9rob\u00e9s<br \/>avaient \u00e9t\u00e9 achet\u00e9s \u00e0 l\u2019aide d\u2019une campagne de financement participatif. Ceux-l\u00e0 devront \u00eatre<br \/>rachet\u00e9s apr\u00e8s la sollicitation des assurances de l\u2019association. Car cette m\u00e9saventure ne marque<br \/>pas de coup d\u2019arr\u00eat dans la r\u00e9habilitation de la villa. <br \/>\u00ab Au contraire, nous entrons m\u00eame dans une<br \/>p\u00e9riode tr\u00e8s int\u00e9ressante du chantier \u00bb<br \/>, observe Gilles Tillet, pr\u00e9sident de <br \/>l\u2019association<br \/>. Apr\u00e8s des<br \/>travaux de curage puis de s\u00e9curisation, la quinzaine de b\u00e9n\u00e9voles de la commission travaux<br \/>s\u2019attaque \u00e0 la r\u00e9fection de la charpente puis de la toiture. <br \/>\u00ab Nous entrons enfin dans une phase de<br \/>r\u00e9paration. Cela procure de beaux apr\u00e8s-midi de transmission et d\u2019apprentissage pour nos<br \/>b\u00e9n\u00e9voles, souvent n\u00e9ophytes \u00bb<br \/>, observe le pr\u00e9sident, lui-m\u00eame professionnel du b\u00e2timent.<br \/>La m\u00e9rule devra \u00eatre trait\u00e9e<br \/>Ces travaux sur la charpente et la toiture permettront de mettre la b\u00e2tisse hors d\u2019eau. Une<br \/>condition pour que le traitement de la m\u00e9rule soit r\u00e9alis\u00e9. <br \/>\u00ab Notre part est donc de pr\u00e9parer le<br \/>terrain avant l\u2019intervention d\u2019une soci\u00e9t\u00e9 sp\u00e9cialis\u00e9e. La Ville de Poitiers, propri\u00e9taire de la villa,<br \/>prendra la charge financi\u00e8re de ce traitement \u00bb<br \/>, pr\u00e9cise Cyrielle Guilbaud-Potin. Pour l\u2019heure,<br \/>cette \u00e9tape n\u2019est pas encore planifi\u00e9e puisqu\u2019elle d\u00e9pendra de l\u2019avanc\u00e9e des travaux de r\u00e9novation<br \/>de la charpente et de la toiture.<br \/>Un chantier conditionn\u00e9 \u00e0 la mobilisation des b\u00e9n\u00e9voles, mais aussi \u00e0 l\u2019arriv\u00e9e de sources de<br \/>f<br \/>inancement. <br \/>\u00ab Les particuliers peuvent toujours nous faire des dons pour permettre l\u2019achat de<br \/>mat\u00e9riaux. Mais nous soulignons aussi l\u2019investissement d\u2019entreprises locales qui n\u2019h\u00e9sitent pas \u00e0<br \/>nous pr\u00eater du mat\u00e9riel, tel que des \u00e9chafaudages \u00bb<br \/>, se r\u00e9jouit Gilles Tillet, qui lance un nouvel<br \/>appel aux volontaires.<br \/>Bastien Blandin<br \/>Il est possible de soutenir l\u2019association avec des dons<br \/>sur <br \/>lavilladespresmignons.f<\/p>\t\t\t\t\t\t\t\t<\/div>\n\t\t\t\t<\/div>\n\t\t\t\t<\/div>\n\t\t\t\t\t<\/div>\n\t\t\t\t<\/div>\n\t\t<div class=\"elementor-element elementor-element-1763f26 e-grid e-con-boxed e-con e-parent\" data-id=\"1763f26\" data-element_type=\"container\">\n\t\t\t\t\t<div class=\"e-con-inner\">\n\t\t\t\t<div class=\"elementor-element elementor-element-a155595 elementor-widget-divider--view-line elementor-widget elementor-widget-divider\" data-id=\"a155595\" data-element_type=\"widget\" data-widget_type=\"divider.default\">\n\t\t\t\t<div class=\"elementor-widget-container\">\n\t\t\t\t\t\t\t<div class=\"elementor-divider\">\n\t\t\t<span class=\"elementor-divider-separator\">\n\t\t\t\t\t\t<\/span>\n\t\t<\/div>\n\t\t\t\t\t\t<\/div>\n\t\t\t\t<\/div>\n\t\t\t\t<div class=\"elementor-element elementor-element-9714f48 elementor-widget elementor-widget-heading\" data-id=\"9714f48\" data-element_type=\"widget\" data-widget_type=\"heading.default\">\n\t\t\t\t<div class=\"elementor-widget-container\">\n\t\t\t\t\t<h2 class=\"elementor-heading-title elementor-size-default\">Interview<\/h2>\t\t\t\t<\/div>\n\t\t\t\t<\/div>\n\t\t\t\t<div class=\"elementor-element elementor-element-0096730 elementor-widget elementor-widget-text-editor\" data-id=\"0096730\" data-element_type=\"widget\" data-widget_type=\"text-editor.default\">\n\t\t\t\t<div class=\"elementor-widget-container\">\n\t\t\t\t\t\t\t\t\t<p>Vous souhaitez en d\u00e9couvrir davantage sur l&#8217;association <em>La Villa des Pr\u00e9s Mignons ? Venez d\u00e9couvrir<\/em> notre interview chez Radio Pulsar en compagnie de nos b\u00e9n\u00e9voles Maria et Am\u00e9lie !\u00a0<\/p>\t\t\t\t\t\t\t\t<\/div>\n\t\t\t\t<\/div>\n\t\t\t\t\t<\/div>\n\t\t\t\t<\/div>\n\t\t<div class=\"elementor-element elementor-element-9a424ba e-flex e-con-boxed e-con e-parent\" data-id=\"9a424ba\" data-element_type=\"container\">\n\t\t\t\t\t<div class=\"e-con-inner\">\n\t\t\t\t<div class=\"elementor-element elementor-element-a1e56b0 elementor-widget elementor-widget-image\" data-id=\"a1e56b0\" data-element_type=\"widget\" data-widget_type=\"image.default\">\n\t\t\t\t<div class=\"elementor-widget-container\">\n\t\t\t\t\t\t\t\t\t\t\t\t\t\t\t<img decoding=\"async\" src=\"https:\/\/lavilladespresmignons.fr\/wp-content\/uploads\/2025\/05\/IMG_20240402_124244-_1_.webp\" title=\"IMG_20240402_124244-_1_\" alt=\"IMG_20240402_124244-_1_\" loading=\"lazy\" \/>\t\t\t\t\t\t\t\t\t\t\t\t\t\t\t<\/div>\n\t\t\t\t<\/div>\n\t\t\t\t<div class=\"elementor-element elementor-element-98350f9 elementor-widget__width-initial elementor-widget elementor-widget-text-editor\" data-id=\"98350f9\" data-element_type=\"widget\" data-widget_type=\"text-editor.default\">\n\t\t\t\t<div class=\"elementor-widget-container\">\n\t\t\t\t\t\t\t\t\t<p><audio class=\"wp-audio-shortcode\" id=\"audio-103-1\" preload=\"none\" style=\"width: 100%;\" controls=\"controls\"><source type=\"audio\/mpeg\" src=\"https:\/\/podcast.radio-pulsar.org\/mp3\/sequencemidi\/2024040213_SequenceMIDI.mp3?_=1\" \/><a href=\"https:\/\/podcast.radio-pulsar.org\/mp3\/sequencemidi\/2024040213_SequenceMIDI.mp3\">https:\/\/podcast.radio-pulsar.org\/mp3\/sequencemidi\/2024040213_SequenceMIDI.mp3<\/a><\/audio><\/p>\t\t\t\t\t\t\t\t<\/div>\n\t\t\t\t<\/div>\n\t\t\t\t\t<\/div>\n\t\t\t\t<\/div>\n\t\t<div class=\"elementor-element elementor-element-7ee9fec e-flex e-con-boxed e-con e-parent\" data-id=\"7ee9fec\" data-element_type=\"container\">\n\t\t\t\t\t<div class=\"e-con-inner\">\n\t\t\t\t<div class=\"elementor-element elementor-element-5880eb7 elementor-widget elementor-widget-heading\" data-id=\"5880eb7\" data-element_type=\"widget\" data-widget_type=\"heading.default\">\n\t\t\t\t<div class=\"elementor-widget-container\">\n\t\t\t\t\t<h4 class=\"elementor-heading-title elementor-size-default\">Lien vers  l'interview r\u00e9alis\u00e9 chez France Inter : <\/h4>\t\t\t\t<\/div>\n\t\t\t\t<\/div>\n\t\t\t\t\t<\/div>\n\t\t\t\t<\/div>\n\t\t<div class=\"elementor-element elementor-element-2156173 e-flex e-con-boxed e-con e-parent\" data-id=\"2156173\" data-element_type=\"container\">\n\t\t\t\t\t<div class=\"e-con-inner\">\n\t\t\t\t<div class=\"elementor-element elementor-element-dd5835f elementor-widget elementor-widget-text-editor\" data-id=\"dd5835f\" data-element_type=\"widget\" data-widget_type=\"text-editor.default\">\n\t\t\t\t<div class=\"elementor-widget-container\">\n\t\t\t\t\t\t\t\t\t<p><a href=\"https:\/\/www.radiofrance.fr\/franceinter\/podcasts\/carnets-de-campagne\/carnets-de-campagne-du-vendredi-20-decembre-2024-8965015\">https:\/\/www.radiofrance.fr\/franceinter\/podcasts\/carnets-de-campagne\/carnets-de-campagne-du-vendredi-20-decembre-2024-8965015<\/a><\/p>\t\t\t\t\t\t\t\t<\/div>\n\t\t\t\t<\/div>\n\t\t\t\t\t<\/div>\n\t\t\t\t<\/div>\n\t\t\t\t<\/div>\n\t\t","protected":false},"excerpt":{"rendered":"<p>Actualit\u00e9s Tout le monde s&#8217;y retrouve ! Actualit\u00e9s de la Villa des Pr\u00e9s Mignons : Appel aux dons pour sa [&hellip;]<\/p>\n","protected":false},"author":1,"featured_media":0,"parent":0,"menu_order":0,"comment_status":"closed","ping_status":"closed","template":"","meta":{"site-sidebar-layout":"no-sidebar","site-content-layout":"","ast-site-content-layout":"full-width-container","site-content-style":"default","site-sidebar-style":"default","ast-global-header-display":"","ast-banner-title-visibility":"","ast-main-header-display":"","ast-hfb-above-header-display":"","ast-hfb-below-header-display":"","ast-hfb-mobile-header-display":"","site-post-title":"disabled","ast-breadcrumbs-content":"","ast-featured-img":"disabled","footer-sml-layout":"","theme-transparent-header-meta":"","adv-header-id-meta":"","stick-header-meta":"","header-above-stick-meta":"","header-main-stick-meta":"","header-below-stick-meta":"","astra-migrate-meta-layouts":"default","ast-page-background-enabled":"default","ast-page-background-meta":{"desktop":{"background-color":"var(--ast-global-color-5)","background-image":"","background-repeat":"repeat","background-position":"center center","background-size":"auto","background-attachment":"scroll","background-type":"","background-media":"","overlay-type":"","overlay-color":"","overlay-opacity":"","overlay-gradient":""},"tablet":{"background-color":"","background-image":"","background-repeat":"repeat","background-position":"center center","background-size":"auto","background-attachment":"scroll","background-type":"","background-media":"","overlay-type":"","overlay-color":"","overlay-opacity":"","overlay-gradient":""},"mobile":{"background-color":"","background-image":"","background-repeat":"repeat","background-position":"center center","background-size":"auto","background-attachment":"scroll","background-type":"","background-media":"","overlay-type":"","overlay-color":"","overlay-opacity":"","overlay-gradient":""}},"ast-content-background-meta":{"desktop":{"background-color":"var(--ast-global-color-4)","background-image":"","background-repeat":"repeat","background-position":"center center","background-size":"auto","background-attachment":"scroll","background-type":"","background-media":"","overlay-type":"","overlay-color":"","overlay-opacity":"","overlay-gradient":""},"tablet":{"background-color":"var(--ast-global-color-4)","background-image":"","background-repeat":"repeat","background-position":"center center","background-size":"auto","background-attachment":"scroll","background-type":"","background-media":"","overlay-type":"","overlay-color":"","overlay-opacity":"","overlay-gradient":""},"mobile":{"background-color":"var(--ast-global-color-4)","background-image":"","background-repeat":"repeat","background-position":"center center","background-size":"auto","background-attachment":"scroll","background-type":"","background-media":"","overlay-type":"","overlay-color":"","overlay-opacity":"","overlay-gradient":""}},"footnotes":""},"class_list":["post-103","page","type-page","status-publish","hentry"],"yoast_head":"<!-- This site is optimized with the Yoast SEO plugin v27.4 - https:\/\/yoast.com\/product\/yoast-seo-wordpress\/ -->\n<title>Actualit\u00e9s - La Villa des Pr\u00e9s Mignons<\/title>\n<meta name=\"description\" content=\"Suivez les derni\u00e8res actualit\u00e9s de la Villa des Pr\u00e9s Mignons : \u00e9v\u00e9nements, r\u00e9novations et activit\u00e9s de notre association.\" \/>\n<meta name=\"robots\" content=\"index, follow, max-snippet:-1, max-image-preview:large, max-video-preview:-1\" \/>\n<link rel=\"canonical\" href=\"https:\/\/lavilladespresmignons.fr\/index.php\/actualites\/\" \/>\n<meta property=\"og:locale\" content=\"en_US\" \/>\n<meta property=\"og:type\" content=\"article\" \/>\n<meta property=\"og:title\" content=\"Actualit\u00e9s - La Villa des Pr\u00e9s Mignons\" \/>\n<meta property=\"og:description\" content=\"Suivez les derni\u00e8res actualit\u00e9s de la Villa des Pr\u00e9s Mignons : \u00e9v\u00e9nements, r\u00e9novations et activit\u00e9s de notre association.\" \/>\n<meta property=\"og:url\" content=\"https:\/\/lavilladespresmignons.fr\/index.php\/actualites\/\" \/>\n<meta property=\"og:site_name\" content=\"La Villa des Pr\u00e9s Mignons\" \/>\n<meta property=\"article:publisher\" content=\"https:\/\/www.facebook.com\/villapresmignons\/\" \/>\n<meta property=\"article:modified_time\" content=\"2026-01-04T18:16:13+00:00\" \/>\n<meta property=\"og:image\" content=\"http:\/\/lavilladespresmignons.fr\/wp-content\/uploads\/elementor\/thumbs\/IMG_2708-scaled-r3asvojxbjg3bkqr80gambbofuz2ko16het35zy49c.jpeg\" \/>\n<meta name=\"twitter:card\" content=\"summary_large_image\" \/>\n<meta name=\"twitter:label1\" content=\"Est. reading time\" \/>\n\t<meta name=\"twitter:data1\" content=\"11 minutes\" \/>\n<script type=\"application\/ld+json\" class=\"yoast-schema-graph\">{\"@context\":\"https:\\\/\\\/schema.org\",\"@graph\":[{\"@type\":\"WebPage\",\"@id\":\"https:\\\/\\\/lavilladespresmignons.fr\\\/index.php\\\/actualites\\\/\",\"url\":\"https:\\\/\\\/lavilladespresmignons.fr\\\/index.php\\\/actualites\\\/\",\"name\":\"Actualit\u00e9s - La Villa des Pr\u00e9s Mignons\",\"isPartOf\":{\"@id\":\"https:\\\/\\\/lavilladespresmignons.fr\\\/#website\"},\"primaryImageOfPage\":{\"@id\":\"https:\\\/\\\/lavilladespresmignons.fr\\\/index.php\\\/actualites\\\/#primaryimage\"},\"image\":{\"@id\":\"https:\\\/\\\/lavilladespresmignons.fr\\\/index.php\\\/actualites\\\/#primaryimage\"},\"thumbnailUrl\":\"http:\\\/\\\/lavilladespresmignons.fr\\\/wp-content\\\/uploads\\\/elementor\\\/thumbs\\\/IMG_2708-scaled-r3asvojxbjg3bkqr80gambbofuz2ko16het35zy49c.jpeg\",\"datePublished\":\"2025-03-20T15:18:19+00:00\",\"dateModified\":\"2026-01-04T18:16:13+00:00\",\"description\":\"Suivez les derni\u00e8res actualit\u00e9s de la Villa des Pr\u00e9s Mignons : \u00e9v\u00e9nements, r\u00e9novations et activit\u00e9s de notre association.\",\"breadcrumb\":{\"@id\":\"https:\\\/\\\/lavilladespresmignons.fr\\\/index.php\\\/actualites\\\/#breadcrumb\"},\"inLanguage\":\"en-US\",\"potentialAction\":[{\"@type\":\"ReadAction\",\"target\":[\"https:\\\/\\\/lavilladespresmignons.fr\\\/index.php\\\/actualites\\\/\"]}]},{\"@type\":\"ImageObject\",\"inLanguage\":\"en-US\",\"@id\":\"https:\\\/\\\/lavilladespresmignons.fr\\\/index.php\\\/actualites\\\/#primaryimage\",\"url\":\"http:\\\/\\\/lavilladespresmignons.fr\\\/wp-content\\\/uploads\\\/elementor\\\/thumbs\\\/IMG_2708-scaled-r3asvojxbjg3bkqr80gambbofuz2ko16het35zy49c.jpeg\",\"contentUrl\":\"http:\\\/\\\/lavilladespresmignons.fr\\\/wp-content\\\/uploads\\\/elementor\\\/thumbs\\\/IMG_2708-scaled-r3asvojxbjg3bkqr80gambbofuz2ko16het35zy49c.jpeg\"},{\"@type\":\"BreadcrumbList\",\"@id\":\"https:\\\/\\\/lavilladespresmignons.fr\\\/index.php\\\/actualites\\\/#breadcrumb\",\"itemListElement\":[{\"@type\":\"ListItem\",\"position\":1,\"name\":\"Accueil\",\"item\":\"https:\\\/\\\/lavilladespresmignons.fr\\\/\"},{\"@type\":\"ListItem\",\"position\":2,\"name\":\"Actualit\u00e9s\"}]},{\"@type\":\"WebSite\",\"@id\":\"https:\\\/\\\/lavilladespresmignons.fr\\\/#website\",\"url\":\"https:\\\/\\\/lavilladespresmignons.fr\\\/\",\"name\":\"La Villa des Pr\u00e9s Mignons\",\"description\":\"tout le monde s&#039;y retrouve\",\"publisher\":{\"@id\":\"https:\\\/\\\/lavilladespresmignons.fr\\\/#organization\"},\"potentialAction\":[{\"@type\":\"SearchAction\",\"target\":{\"@type\":\"EntryPoint\",\"urlTemplate\":\"https:\\\/\\\/lavilladespresmignons.fr\\\/?s={search_term_string}\"},\"query-input\":{\"@type\":\"PropertyValueSpecification\",\"valueRequired\":true,\"valueName\":\"search_term_string\"}}],\"inLanguage\":\"en-US\"},{\"@type\":\"Organization\",\"@id\":\"https:\\\/\\\/lavilladespresmignons.fr\\\/#organization\",\"name\":\"La Villa des Pr\u00e9s Mignons\",\"url\":\"https:\\\/\\\/lavilladespresmignons.fr\\\/\",\"logo\":{\"@type\":\"ImageObject\",\"inLanguage\":\"en-US\",\"@id\":\"https:\\\/\\\/lavilladespresmignons.fr\\\/#\\\/schema\\\/logo\\\/image\\\/\",\"url\":\"https:\\\/\\\/lavilladespresmignons.fr\\\/wp-content\\\/uploads\\\/2025\\\/03\\\/cropped-cropped-LOGO_SANS_TEXTE.webp\",\"contentUrl\":\"https:\\\/\\\/lavilladespresmignons.fr\\\/wp-content\\\/uploads\\\/2025\\\/03\\\/cropped-cropped-LOGO_SANS_TEXTE.webp\",\"width\":511,\"height\":486,\"caption\":\"La Villa des Pr\u00e9s Mignons\"},\"image\":{\"@id\":\"https:\\\/\\\/lavilladespresmignons.fr\\\/#\\\/schema\\\/logo\\\/image\\\/\"},\"sameAs\":[\"https:\\\/\\\/www.facebook.com\\\/villapresmignons\\\/\",\"https:\\\/\\\/www.instagram.com\\\/la_villa_des_pres_mignons\\\/\"]}]}<\/script>\n<!-- \/ Yoast SEO plugin. -->","yoast_head_json":{"title":"Actualit\u00e9s - La Villa des Pr\u00e9s Mignons","description":"Suivez les derni\u00e8res actualit\u00e9s de la Villa des Pr\u00e9s Mignons : \u00e9v\u00e9nements, r\u00e9novations et activit\u00e9s de notre association.","robots":{"index":"index","follow":"follow","max-snippet":"max-snippet:-1","max-image-preview":"max-image-preview:large","max-video-preview":"max-video-preview:-1"},"canonical":"https:\/\/lavilladespresmignons.fr\/index.php\/actualites\/","og_locale":"en_US","og_type":"article","og_title":"Actualit\u00e9s - La Villa des Pr\u00e9s Mignons","og_description":"Suivez les derni\u00e8res actualit\u00e9s de la Villa des Pr\u00e9s Mignons : \u00e9v\u00e9nements, r\u00e9novations et activit\u00e9s de notre association.","og_url":"https:\/\/lavilladespresmignons.fr\/index.php\/actualites\/","og_site_name":"La Villa des Pr\u00e9s Mignons","article_publisher":"https:\/\/www.facebook.com\/villapresmignons\/","article_modified_time":"2026-01-04T18:16:13+00:00","og_image":[{"url":"http:\/\/lavilladespresmignons.fr\/wp-content\/uploads\/elementor\/thumbs\/IMG_2708-scaled-r3asvojxbjg3bkqr80gambbofuz2ko16het35zy49c.jpeg","type":"","width":"","height":""}],"twitter_card":"summary_large_image","twitter_misc":{"Est. reading time":"11 minutes"},"schema":{"@context":"https:\/\/schema.org","@graph":[{"@type":"WebPage","@id":"https:\/\/lavilladespresmignons.fr\/index.php\/actualites\/","url":"https:\/\/lavilladespresmignons.fr\/index.php\/actualites\/","name":"Actualit\u00e9s - La Villa des Pr\u00e9s Mignons","isPartOf":{"@id":"https:\/\/lavilladespresmignons.fr\/#website"},"primaryImageOfPage":{"@id":"https:\/\/lavilladespresmignons.fr\/index.php\/actualites\/#primaryimage"},"image":{"@id":"https:\/\/lavilladespresmignons.fr\/index.php\/actualites\/#primaryimage"},"thumbnailUrl":"http:\/\/lavilladespresmignons.fr\/wp-content\/uploads\/elementor\/thumbs\/IMG_2708-scaled-r3asvojxbjg3bkqr80gambbofuz2ko16het35zy49c.jpeg","datePublished":"2025-03-20T15:18:19+00:00","dateModified":"2026-01-04T18:16:13+00:00","description":"Suivez les derni\u00e8res actualit\u00e9s de la Villa des Pr\u00e9s Mignons : \u00e9v\u00e9nements, r\u00e9novations et activit\u00e9s de notre association.","breadcrumb":{"@id":"https:\/\/lavilladespresmignons.fr\/index.php\/actualites\/#breadcrumb"},"inLanguage":"en-US","potentialAction":[{"@type":"ReadAction","target":["https:\/\/lavilladespresmignons.fr\/index.php\/actualites\/"]}]},{"@type":"ImageObject","inLanguage":"en-US","@id":"https:\/\/lavilladespresmignons.fr\/index.php\/actualites\/#primaryimage","url":"http:\/\/lavilladespresmignons.fr\/wp-content\/uploads\/elementor\/thumbs\/IMG_2708-scaled-r3asvojxbjg3bkqr80gambbofuz2ko16het35zy49c.jpeg","contentUrl":"http:\/\/lavilladespresmignons.fr\/wp-content\/uploads\/elementor\/thumbs\/IMG_2708-scaled-r3asvojxbjg3bkqr80gambbofuz2ko16het35zy49c.jpeg"},{"@type":"BreadcrumbList","@id":"https:\/\/lavilladespresmignons.fr\/index.php\/actualites\/#breadcrumb","itemListElement":[{"@type":"ListItem","position":1,"name":"Accueil","item":"https:\/\/lavilladespresmignons.fr\/"},{"@type":"ListItem","position":2,"name":"Actualit\u00e9s"}]},{"@type":"WebSite","@id":"https:\/\/lavilladespresmignons.fr\/#website","url":"https:\/\/lavilladespresmignons.fr\/","name":"La Villa des Pr\u00e9s Mignons","description":"tout le monde s&#039;y retrouve","publisher":{"@id":"https:\/\/lavilladespresmignons.fr\/#organization"},"potentialAction":[{"@type":"SearchAction","target":{"@type":"EntryPoint","urlTemplate":"https:\/\/lavilladespresmignons.fr\/?s={search_term_string}"},"query-input":{"@type":"PropertyValueSpecification","valueRequired":true,"valueName":"search_term_string"}}],"inLanguage":"en-US"},{"@type":"Organization","@id":"https:\/\/lavilladespresmignons.fr\/#organization","name":"La Villa des Pr\u00e9s Mignons","url":"https:\/\/lavilladespresmignons.fr\/","logo":{"@type":"ImageObject","inLanguage":"en-US","@id":"https:\/\/lavilladespresmignons.fr\/#\/schema\/logo\/image\/","url":"https:\/\/lavilladespresmignons.fr\/wp-content\/uploads\/2025\/03\/cropped-cropped-LOGO_SANS_TEXTE.webp","contentUrl":"https:\/\/lavilladespresmignons.fr\/wp-content\/uploads\/2025\/03\/cropped-cropped-LOGO_SANS_TEXTE.webp","width":511,"height":486,"caption":"La Villa des Pr\u00e9s Mignons"},"image":{"@id":"https:\/\/lavilladespresmignons.fr\/#\/schema\/logo\/image\/"},"sameAs":["https:\/\/www.facebook.com\/villapresmignons\/","https:\/\/www.instagram.com\/la_villa_des_pres_mignons\/"]}]}},"jetpack_sharing_enabled":true,"_links":{"self":[{"href":"https:\/\/lavilladespresmignons.fr\/index.php\/wp-json\/wp\/v2\/pages\/103","targetHints":{"allow":["GET"]}}],"collection":[{"href":"https:\/\/lavilladespresmignons.fr\/index.php\/wp-json\/wp\/v2\/pages"}],"about":[{"href":"https:\/\/lavilladespresmignons.fr\/index.php\/wp-json\/wp\/v2\/types\/page"}],"author":[{"embeddable":true,"href":"https:\/\/lavilladespresmignons.fr\/index.php\/wp-json\/wp\/v2\/users\/1"}],"replies":[{"embeddable":true,"href":"https:\/\/lavilladespresmignons.fr\/index.php\/wp-json\/wp\/v2\/comments?post=103"}],"version-history":[{"count":258,"href":"https:\/\/lavilladespresmignons.fr\/index.php\/wp-json\/wp\/v2\/pages\/103\/revisions"}],"predecessor-version":[{"id":1385,"href":"https:\/\/lavilladespresmignons.fr\/index.php\/wp-json\/wp\/v2\/pages\/103\/revisions\/1385"}],"wp:attachment":[{"href":"https:\/\/lavilladespresmignons.fr\/index.php\/wp-json\/wp\/v2\/media?parent=103"}],"curies":[{"name":"wp","href":"https:\/\/api.w.org\/{rel}","templated":true}]}}